{"id":1587,"date":"2022-03-23T10:27:58","date_gmt":"2022-03-23T09:27:58","guid":{"rendered":"https:\/\/www.eipas.org\/association\/?page_id=1587"},"modified":"2026-04-09T08:21:45","modified_gmt":"2026-04-09T06:21:45","slug":"ateliers","status":"publish","type":"page","link":"https:\/\/www.eipas.org\/association\/particuliers\/ateliers\/","title":{"rendered":"Prochains ateliers collectifs"},"content":{"rendered":"<div id=\"pl-1587\"  class=\"panel-layout\" ><div id=\"pg-1587-0\"  class=\"panel-grid panel-no-style\" ><div id=\"pgc-1587-0-0\"  class=\"panel-grid-cell\" ><div id=\"panel-1587-0-0-0\" class=\"so-panel widget widget_sow-editor panel-first-child panel-last-child\" data-index=\"0\" ><div class=\"so-widget-sow-editor so-widget-sow-editor-base\">\n<div class=\"siteorigin-widget-tinymce textwidget\">\n\t<p><strong><span style=\"color: #000000;\">GESTION DES EMOTIONS ET AFFIRMATION DE SOI <\/span><span style=\"color: #ff6600;\"><span style=\"color: #333333;\"><span style=\"color: #00ccff;\">EN VISIO<\/span><\/span><\/span><br \/>\n<span style=\"color: #ff6600;\">Intervenante : Jessica GUILHE, psychologue.<\/span><\/strong><\/p>\n<p><a href=\"https:\/\/www.eipas.org\/association\/wp-content\/uploads\/2026\/04\/EIPAS_ATELIER-GEAS-visio-05-062026.pdf\" target=\"_blank\" rel=\"noopener\"><strong>T\u00e9l\u00e9chargez le\u00a0bulletin d'inscription<\/strong><\/a><\/p>\n<p><span style=\"color: #ff6600;\"><strong>EN VISIO de 12h30 \u00e0 13h30<br \/>\n<\/strong><\/span>Groupe de 8 participants maximum,<br \/>\ndur\u00e9e totale 8h.<br \/>\n<strong><br \/>\n<\/strong><span style=\"color: #000000;\"><u>8 dates, les mardis de 12h30 \u00e0 13h30 :<br \/>\n<\/u><strong>- 5, 12, 19 et 26 mai<br \/>\n- 9, 16, 23 et 30 juin<\/strong><\/span><\/p>\n<p>Frais d\u2019inscription par module de 8 s\u00e9ances de 1h : 80 \u20ac (soit 10\u20ac\/s\u00e9ance)<br \/>\n<em>(les s\u00e9ances non suivies ne seront pas rembours\u00e9es).<\/em><\/p>\n<p><strong>PROGRAMME :<\/strong><br \/>\n- Physiologie des \u00e9motions<br \/>\n- Travail sur les pens\u00e9es et sur les \u00e9motions<br \/>\n- Exercices de relaxation<br \/>\n- Pleine conscience des pens\u00e9es \/ \u00e9motions : observation, acceptation, bienveillance envers soi<br \/>\n- Affirmation de soi (savoir dire non &amp; recevoir une critique)<br \/>\n- Exploration des valeurs<\/p>\n<\/div>\n<\/div><\/div><\/div><div id=\"pgc-1587-0-1\"  class=\"panel-grid-cell\" ><div id=\"panel-1587-0-1-0\" class=\"so-panel widget widget_sow-editor panel-first-child panel-last-child\" data-index=\"1\" ><div class=\"so-widget-sow-editor so-widget-sow-editor-base\">\n<div class=\"siteorigin-widget-tinymce textwidget\">\n\t<p><strong><span style=\"color: #000000;\">SORTIR DU BURN-OUT <\/span><span style=\"color: #ff6600;\"><span style=\"color: #333333;\"><span style=\"color: #00ccff;\">EN PRESENTIEL<\/span><\/span><\/span><\/strong><strong><br \/>\n<span style=\"color: #ff6600;\">Intervenante : Annabelle MORGE, psychologue.<\/span><\/strong><\/p>\n<p><strong>T\u00e9l\u00e9chargez le\u00a0bulletin d'inscription<\/strong><\/p>\n<p><span style=\"color: #ff6600;\"><strong>EN PRESENTIEL (Chamali\u00e8res) en fin de journ\u00e9e, de 17h30 \u00e0 19h30.<\/strong><strong><br \/>\n<\/strong><\/span><u><\/u>Groupe de 8 participants maximum,<br \/>\ndur\u00e9e totale 12h.<br \/>\n<strong><br \/>\n<\/strong><span style=\"color: #000000;\"><u>6 dates \u00e0 venir<\/u><\/span><\/p>\n<p>Frais d\u2019inscription par module de 6 s\u00e9ances de 2h : 120 \u20ac (soit 20\u20ac\/s\u00e9ance)<br \/>\n<em>(les s\u00e9ances non suivies ne seront pas rembours\u00e9es).<\/em><\/p>\n<p><strong>PROGRAMME :<\/strong><br \/>\n- Partager le v\u00e9cu du Burn-Out. Echanger et \u00eatre inform\u00e9 sur les m\u00e9canismes et les sympt\u00f4mes<br \/>\n- \u00catre soutenu et accompagn\u00e9 dans ses objectifs individuels de soin<br \/>\n- Retrouver un \u00e9quilibre de vie<br \/>\n- Reconstruire la motivation et strat\u00e9gies de reprise<br \/>\n- Retrouver une bonne relation au travail<br \/>\n- Consolider et renforcer sa motivation sur la dur\u00e9e, pr\u00e9venir les risques de rechute<\/p>\n<\/div>\n<\/div><\/div><\/div><\/div><div id=\"pg-1587-1\"  class=\"panel-grid panel-no-style\" ><div id=\"pgc-1587-1-0\"  class=\"panel-grid-cell\" ><div id=\"panel-1587-1-0-0\" class=\"so-panel widget widget_sow-editor panel-first-child panel-last-child\" data-index=\"2\" ><div class=\"so-widget-sow-editor so-widget-sow-editor-base\"><h3 class=\"widget-title\">Modalit\u00e9s de paiement:<\/h3>\n<div class=\"siteorigin-widget-tinymce textwidget\">\n\t<p><em>Par ch\u00e8que \u00e0 l\u2019ordre de \u00ab <strong>Association EIPAS<\/strong> \u00bb, adresse: EIPAS, 16E rue Gaultier de Biauzat 63000 Clermont-Fd<br \/>\n<\/em><em>Par virement \/ c<\/em><em>oordonn\u00e9es bancaires : Cr\u00e9dit Agricole Centre France<br \/>\n<\/em><em>NOM : <strong>EIPAS<\/strong> - Code Banque : 16806 \/ <\/em><em>Code Guichet : 06700 \/\u00a0<\/em><em>Num\u00e9ro de compte : 66036239841 \/<\/em><em>Cl\u00e9 RIB : 73<br \/>\n<\/em><strong><em>IBAN : FR76 1680 6067 0066 0362 3984 173<br \/>\n<\/em><\/strong><em>Code BIC \u2013 Code SWIFT : AGRIFRPP868<br \/>\n<\/em><strong>Besoin d'un renseignement ? une question ? <a href=\"https:\/\/www.eipas.org\/association\/contactez-nous\/\" target=\"_blank\" rel=\"noopener\">Lien vers le formulaire<\/a>.<\/strong><\/p>\n<\/div>\n<\/div><\/div><\/div><\/div><div id=\"pg-1587-2\"  class=\"panel-grid panel-no-style\" ><div id=\"pgc-1587-2-0\"  class=\"panel-grid-cell panel-grid-cell-empty\" ><\/div><div id=\"pgc-1587-2-1\"  class=\"panel-grid-cell panel-grid-cell-empty panel-grid-cell-mobile-last\" ><\/div><div id=\"pgc-1587-2-2\"  class=\"panel-grid-cell panel-grid-cell-empty\" ><\/div><\/div><div id=\"pg-1587-3\"  class=\"panel-grid panel-no-style\" ><div id=\"pgc-1587-3-0\"  class=\"panel-grid-cell panel-grid-cell-empty\" ><\/div><div id=\"pgc-1587-3-1\"  class=\"panel-grid-cell panel-grid-cell-empty panel-grid-cell-mobile-last\" ><\/div><div id=\"pgc-1587-3-2\"  class=\"panel-grid-cell panel-grid-cell-empty\" ><\/div><\/div><\/div>","protected":false},"excerpt":{"rendered":"<p>GESTION DES EMOTIONS ET AFFIRMATION DE SOI EN VISIO Intervenante : Jessica GUILHE, psychologue. T\u00e9l\u00e9chargez le\u00a0bulletin d&rsquo;inscription EN VISIO de 12h30 \u00e0 13h30 Groupe de 8 participants maximum, dur\u00e9e totale 8h. 8 dates, les mardis de 12h30 \u00e0 13h30 : &#8211; 5, 12, 19 et 26 mai &#8211; 9, 16, 23 et 30 juin Frais [&hellip;]<\/p>\n","protected":false},"author":1,"featured_media":0,"parent":1582,"menu_order":0,"comment_status":"closed","ping_status":"closed","template":"","meta":{"footnotes":""},"class_list":["post-1587","page","type-page","status-publish","hentry"],"acf":[],"_links":{"self":[{"href":"https:\/\/www.eipas.org\/association\/wp-json\/wp\/v2\/pages\/1587","targetHints":{"allow":["GET"]}}],"collection":[{"href":"https:\/\/www.eipas.org\/association\/wp-json\/wp\/v2\/pages"}],"about":[{"href":"https:\/\/www.eipas.org\/association\/wp-json\/wp\/v2\/types\/page"}],"author":[{"embeddable":true,"href":"https:\/\/www.eipas.org\/association\/wp-json\/wp\/v2\/users\/1"}],"replies":[{"embeddable":true,"href":"https:\/\/www.eipas.org\/association\/wp-json\/wp\/v2\/comments?post=1587"}],"version-history":[{"count":2,"href":"https:\/\/www.eipas.org\/association\/wp-json\/wp\/v2\/pages\/1587\/revisions"}],"predecessor-version":[{"id":3678,"href":"https:\/\/www.eipas.org\/association\/wp-json\/wp\/v2\/pages\/1587\/revisions\/3678"}],"up":[{"embeddable":true,"href":"https:\/\/www.eipas.org\/association\/wp-json\/wp\/v2\/pages\/1582"}],"wp:attachment":[{"href":"https:\/\/www.eipas.org\/association\/wp-json\/wp\/v2\/media?parent=1587"}],"curies":[{"name":"wp","href":"https:\/\/api.w.org\/{rel}","templated":true}]}}