{"id":2899,"date":"2022-06-27T14:57:34","date_gmt":"2022-06-27T12:57:34","guid":{"rendered":"https:\/\/www.eipas.org\/association\/?page_id=2899"},"modified":"2025-04-28T11:32:18","modified_gmt":"2025-04-28T09:32:18","slug":"qvct","status":"publish","type":"page","link":"https:\/\/www.eipas.org\/association\/entreprises\/qvct\/","title":{"rendered":"Qualit\u00e9 de Vie et des Conditions de Travail"},"content":{"rendered":"<div id=\"pl-2899\"  class=\"panel-layout\" ><div id=\"pg-2899-0\"  class=\"panel-grid panel-no-style\" ><div id=\"pgc-2899-0-0\"  class=\"panel-grid-cell\" ><div id=\"panel-2899-0-0-0\" class=\"so-panel widget widget_sow-editor panel-first-child\" data-index=\"0\" ><div class=\"so-widget-sow-editor so-widget-sow-editor-base\">\n<div class=\"siteorigin-widget-tinymce textwidget\">\n\t<p><span style=\"color: #333333;\">EIPAS \"main dans la main\" avec un <strong><span style=\"color: #000000;\">nouveau concept QVCT<\/span><\/strong><\/span><br \/>\n<span style=\"color: #333333;\">- des intervenants exp\u00e9riment\u00e9s<\/span><br \/>\n<span style=\"color: #333333;\">- une collaboration <strong><span style=\"color: #000000;\">sur-mesure<\/span><\/strong><br \/>\n- un accompagnement sp\u00e9cialis\u00e9 de <\/span><span style=\"color: #000000;\"><strong>proximit\u00e9 <\/strong><\/span><span style=\"color: #333333;\">dans vos \u00e9quipes<br \/>\n<\/span><\/p>\n<p><strong><span style=\"color: #000000;\">Gagnez en agilit\u00e9 !<\/span><\/strong><br \/>\n<span style=\"color: #333333;\"><span style=\"font-size: 1rem;\">Pour tous renseignements, n'h\u00e9sitez pas \u00e0 compl\u00e9ter le <\/span><a style=\"font-size: 1rem; color: #333333;\" href=\"https:\/\/www.eipas.org\/association\/contactez-nous\/\" target=\"_blank\" rel=\"noopener\">formulaire contact<\/a><span style=\"font-size: 1rem;\">.<\/span><\/span><\/p>\n<\/div>\n<\/div><\/div><div id=\"panel-2899-0-0-1\" class=\"so-panel widget widget_sow-editor panel-last-child\" data-index=\"1\" ><div class=\"so-widget-sow-editor so-widget-sow-editor-base\">\n<div class=\"siteorigin-widget-tinymce textwidget\">\n\t<p><strong><span style=\"color: #ff6600;\">En 4 workshops :<br \/>\n<\/span><\/strong><strong><span style=\"color: #008080;\">QVCT : d\u00e9finitions, mise en place et pilotage<\/span><br \/>\n<\/strong><span style=\"color: #000000;\"><span style=\"font-size: 1rem;\">Outil de cartographie<br \/>\n<\/span><span style=\"font-size: 1rem;\">Exemples pratiques<br \/>\n<\/span><span style=\"font-size: 1rem;\">Remise de l\u2019outil compl\u00e9t\u00e9 avec le recueil effectu\u00e9 durant l\u2019atelier<\/span><\/span><\/p>\n<p><strong><span style=\"color: #008080;\">QVCT : coh\u00e9sion et importance du lien social : grand th\u00e8me 2025<\/span><br \/>\n<\/strong><span style=\"color: #000000;\"><span style=\"font-size: 1rem;\">Pourquoi le lien social est cl\u00e9 dans notre bien-\u00eatre au travail ?<br \/>\n<\/span><span style=\"font-size: 1rem;\">Speed meeting<br \/>\n<\/span><span style=\"font-size: 1rem;\">Partage d\u2019anecdotes et t\u00e9moignages et quizz<\/span><\/span><\/p>\n<p><strong><span style=\"color: #008080;\">QVCT : place aux managers<\/span><br \/>\n<\/strong><span style=\"color: #000000;\"><span style=\"font-size: 1rem;\">Confiance et autonomie<br \/>\n<\/span><span style=\"font-size: 1rem;\">Communication et intelligence \u00e9motionnelle<br \/>\n<\/span><span style=\"font-size: 1rem;\">Mise en place d'actions pour am\u00e9liorer la QVCT dans son \u00e9quipe<\/span><\/span><\/p>\n<p><span style=\"color: #008080;\"><strong>QVCT : sant\u00e9 mentale, handicap et inclusion<\/strong><\/span><strong style=\"font-size: 1rem;\"><br \/>\n<\/strong><span style=\"color: #000000;\"><span style=\"font-size: 1rem;\">D\u00e9construire les pr\u00e9jug\u00e9s , comprendre et d\u00e9tecter<br \/>\n<\/span><span style=\"font-size: 1rem;\">Qu\u2019entend-on par handicap invisible ? Gestes inclusifs et exemples inspirants\u00b5<br \/>\n<\/span><span style=\"font-size: 1rem;\">Favoriser l\u2019inclusion et la diversit\u00e9<\/span><\/span><\/p>\n<\/div>\n<\/div><\/div><\/div><\/div><\/div>","protected":false},"excerpt":{"rendered":"<p>EIPAS \u00ab\u00a0main dans la main\u00a0\u00bb avec un nouveau concept QVCT &#8211; des intervenants exp\u00e9riment\u00e9s &#8211; une collaboration sur-mesure &#8211; un accompagnement sp\u00e9cialis\u00e9 de proximit\u00e9 dans vos \u00e9quipes Gagnez en agilit\u00e9 ! Pour tous renseignements, n&rsquo;h\u00e9sitez pas \u00e0 compl\u00e9ter le formulaire contact. En 4 workshops : QVCT : d\u00e9finitions, mise en place et pilotage Outil de [&hellip;]<\/p>\n","protected":false},"author":3,"featured_media":0,"parent":1593,"menu_order":4,"comment_status":"closed","ping_status":"closed","template":"","meta":{"footnotes":""},"class_list":["post-2899","page","type-page","status-publish","hentry"],"acf":[],"_links":{"self":[{"href":"https:\/\/www.eipas.org\/association\/wp-json\/wp\/v2\/pages\/2899","targetHints":{"allow":["GET"]}}],"collection":[{"href":"https:\/\/www.eipas.org\/association\/wp-json\/wp\/v2\/pages"}],"about":[{"href":"https:\/\/www.eipas.org\/association\/wp-json\/wp\/v2\/types\/page"}],"author":[{"embeddable":true,"href":"https:\/\/www.eipas.org\/association\/wp-json\/wp\/v2\/users\/3"}],"replies":[{"embeddable":true,"href":"https:\/\/www.eipas.org\/association\/wp-json\/wp\/v2\/comments?post=2899"}],"version-history":[{"count":2,"href":"https:\/\/www.eipas.org\/association\/wp-json\/wp\/v2\/pages\/2899\/revisions"}],"predecessor-version":[{"id":3540,"href":"https:\/\/www.eipas.org\/association\/wp-json\/wp\/v2\/pages\/2899\/revisions\/3540"}],"up":[{"embeddable":true,"href":"https:\/\/www.eipas.org\/association\/wp-json\/wp\/v2\/pages\/1593"}],"wp:attachment":[{"href":"https:\/\/www.eipas.org\/association\/wp-json\/wp\/v2\/media?parent=2899"}],"curies":[{"name":"wp","href":"https:\/\/api.w.org\/{rel}","templated":true}]}}