{"id":2308,"date":"2025-11-20T09:58:32","date_gmt":"2025-11-20T08:58:32","guid":{"rendered":"https:\/\/www.eipas.org\/formations\/formation\/trauma-et-travail\/"},"modified":"2025-12-08T11:26:57","modified_gmt":"2025-12-08T10:26:57","slug":"trauma-et-travail","status":"publish","type":"formation","link":"https:\/\/www.eipas.org\/formations\/formation\/trauma-et-travail\/","title":{"rendered":"Trauma vicariant"},"content":{"rendered":"<div class=\"container programme py-4\">\n<div class=\"row\">\n<div class=\"col-12\">\n<h4>Dur\u00e9e<\/h4>\n<p>1 jour soit 6 heures<\/p><\/div>\n<div class=\"col-12 col-md-6\">\n<h4>Objectifs p\u00e9dagogiques&nbsp;<\/h4>\n<p>-Sensibiliser \/ Informer sur le trauma (vicariant) et son impact sur la sph\u00e8re professionnelle<br \/>\n-Rep\u00e9rer les signes d&rsquo;un traumatisme (vicariant) chez soi, chez un proche, chez un coll\u00e8gue<br \/>\n&#8211; Donner des outils de pr\u00e9vention \u00e0 partir de donn\u00e9es issues de la litt\u00e9rature scientifique<br \/>\n&#8211; Favoriser le partage d&rsquo;exp\u00e9riences et les \u00e9changes autour de ce th\u00e8me\n<\/p><\/div>\n<div class=\"col-12 col-md-6\">\n<h4>M\u00e9thodes p\u00e9dagogiques<\/h4>\n<p>M\u00e9thode interactive<br \/>\nApports th\u00e9oriques, exercices pratiques individuels et exercices en groupe<br \/>\nMises en situation professionnelle \u00e0 partir de situations propos\u00e9es par l&rsquo;intervenant et par les<br \/>\nstagiaires Remise d&rsquo;un support r\u00e9capitulatif<br \/>\nL&rsquo;intervenant est psychologue sp\u00e9cialiste du stress au travail<\/p><\/div>\n<div class=\"col-12 col-md-6\">\n<h4>Public<\/h4>\n<p>Des personnes expos\u00e9es dans leur profession \u00e0 des \u00e9v\u00e8nements potentiellement traumatisants (soignants, travailleurs sociaux, magistrats, avocats, sapeurs-pompiers, journalistes, etc.)<br \/>\nDes employeurs<br \/>\nDes coll\u00e8gues, \u00e9quipes\n<\/p><\/div>\n<div class=\"col-12 col-md-6\">\n<h4>Pr\u00e9requis<\/h4>\n<p>Aucun<\/p><\/div>\n<div class=\"col-12 col-md-6\">\n<h4>Dispositif de suivi et d&rsquo;appr\u00e9ciation des r\u00e9sultats<\/h4>\n<p>Feuilles de pr\u00e9sence \u00e9marg\u00e9es par demi-journ\u00e9e par le stagiaire<br \/>\nEvaluation par le stagiaire au moyen d&rsquo;une \u00e9valuation en ligne en fin de formation<\/p><\/div>\n<div class=\"col-12 col-md-6\">\n<h4>Conditions de mise en \u0153uvre<\/h4>\n<p>La formation en face \u00e0 face<br \/>\nMaximum 12 stagiaires par session de formation<\/p><\/div>\n<h2 class=\"pt-4 pb-3\">Programme<\/h2>\n<p class=\"ml-4 mb-0 w-100\"> &#8211; Etat des lieux sur le stress post-traumatique dans le monde du travail : les m\u00e9tiers \u00e0 risques<\/p>\n<p class=\"ml-4 mb-0 w-100\"> &#8211; Comprendre le processus du stress post-traumatique (focus sur le trauma vicariant)<\/p>\n<p class=\"ml-4 mb-0 w-100\"> &#8211; Cons\u00e9quences de l&rsquo;exposition \u00e0 des \u00e9v\u00e8nements et r\u00e9cits aversifs sur la vie professionnelle et personnelle<\/p>\n<p class=\"ml-4 mb-0 w-100\"> &#8211; Les dispositifs de prises en charge imm\u00e9diate ou diff\u00e9r\u00e9e pour les personnes expos\u00e9es<\/p>\n<p class=\"ml-4 mb-0 w-100\"> &#8211; Les ressources protectrices pour la sant\u00e9 mentale favorisant la r\u00e9silience des personnes expos\u00e9es<\/p>\n<p class=\"ml-4 mb-0 w-100\"> &#8211; Des outils de pr\u00e9vention pour pr\u00e9venir le d\u00e9veloppement d&rsquo;un stress post-traumatique<\/p>\n<p class=\"ml-4 mb-0 w-100\"> &#8211; Le r\u00f4le et la posture des employeurs, coll\u00e8gues aupr\u00e8s des personnes expos\u00e9es.<\/p>\n<p class=\"ml-4 mb-0 w-100\"> &#8211; Exercices \u00e0 partir de t\u00e9moignages<\/p>\n<p class=\"ml-4 mb-0 w-100\"> &#8211; Echanges et questions<\/p>\n<\/p><\/div>\n<\/div>\n","protected":false},"template":"","class_list":["post-2308","formation","type-formation","status-publish","hentry"],"acf":[],"_links":{"self":[{"href":"https:\/\/www.eipas.org\/formations\/wp-json\/wp\/v2\/formation\/2308","targetHints":{"allow":["GET"]}}],"collection":[{"href":"https:\/\/www.eipas.org\/formations\/wp-json\/wp\/v2\/formation"}],"about":[{"href":"https:\/\/www.eipas.org\/formations\/wp-json\/wp\/v2\/types\/formation"}],"wp:attachment":[{"href":"https:\/\/www.eipas.org\/formations\/wp-json\/wp\/v2\/media?parent=2308"}],"curies":[{"name":"wp","href":"https:\/\/api.w.org\/{rel}","templated":true}]}}